{"id":7380,"date":"2026-03-28T00:06:28","date_gmt":"2026-03-27T23:06:28","guid":{"rendered":"https:\/\/malmocity.se\/company\/preislers-optiska\/"},"modified":"2026-03-28T00:06:28","modified_gmt":"2026-03-27T23:06:28","slug":"preislers-optiska","status":"publish","type":"company","link":"https:\/\/malmocity.se\/da\/company\/preislers-optiska\/","title":{"rendered":"Preisler Optical"},"content":{"rendered":"<p><strong><strong>Preislers Optiska blev grundlagt i 1902<\/strong><\/strong><\/p>\n<p>Da vi er en privat virksomhed, bestemmer vi selv, hvordan sortimentet skal se ud. Vi tager p\u00e5 messer og k\u00f8ber kun det, vi virkelig kan lide. Det giver os mulighed for at have et meget bredt udvalg, b\u00e5de hvad ang\u00e5r m\u00e6rker og prisniveauer.<\/p>\n<p>Vi har alt fra klassiske stel som RayBan, Prada og Gucci til mere designede stel som Oliver Peoples, Cutler and Gross, Lesca, Dita og mange flere.<\/p>\n<p>Optiske produkter findes i mange forskellige designs og kvaliteter. Vores kvalificerede optikere vil foretage en grundig \u00f8jenunders\u00f8gelse og derefter anbefale det bedst egnede glas i samr\u00e5d med dig.<\/p>\n<p>De glas, vi bruger, er kvalitetsglas fra tyske Zeiss og japanske Hoya.<\/p>\n<p>Vi foretager ogs\u00e5 m\u00e5ling af \u00f8jentryk, hvis det er n\u00f8dvendigt.\u00a0<a href=\"https:\/\/www.preisler.nu\/kontakt\/\" target=\"_blank\" rel=\"noopener\">Ring venligst og bestil en tid<\/a>.<\/p>","protected":false},"featured_media":0,"template":"","meta":{"_acf_changed":false},"tags":[],"class_list":["post-7380","company","type-company","status-publish","hentry","category-1-50kvm-3-360-kr","category-accepts-the-gift-card","category-all","category-butik","category-cf","category-optik","category-show-on-map","category-zon-2"],"acf":[],"_links":{"self":[{"href":"https:\/\/malmocity.se\/da\/wp-json\/wp\/v2\/company\/7380","targetHints":{"allow":["GET"]}}],"collection":[{"href":"https:\/\/malmocity.se\/da\/wp-json\/wp\/v2\/company"}],"about":[{"href":"https:\/\/malmocity.se\/da\/wp-json\/wp\/v2\/types\/company"}],"wp:attachment":[{"href":"https:\/\/malmocity.se\/da\/wp-json\/wp\/v2\/media?parent=7380"}],"wp:term":[{"taxonomy":"post_tag","embeddable":true,"href":"https:\/\/malmocity.se\/da\/wp-json\/wp\/v2\/tags?post=7380"}],"curies":[{"name":"wp","href":"https:\/\/api.w.org\/{rel}","templated":true}]}}