{"id":7569,"date":"2026-03-28T00:06:35","date_gmt":"2026-03-27T23:06:35","guid":{"rendered":"https:\/\/malmocity.se\/company\/jorgens-harvard\/"},"modified":"2026-03-28T00:06:35","modified_gmt":"2026-03-27T23:06:35","slug":"jorgens-harvard","status":"publish","type":"company","link":"https:\/\/malmocity.se\/de\/company\/jorgens-harvard\/","title":{"rendered":"J\u00f6rgens Haarpflege"},"content":{"rendered":"<p>Nach 37,5 Jahren als J\u00f6rgens H\u00e5rv\u00e5rd benennen wir den Salon nun in JCR um. Chang, der von Anfang an dabei ist, wird ab 1. April die Leitung \u00fcbernehmen, w\u00e4hrend J\u00f6rgen weiterhin in Teilzeit arbeiten wird.  <\/p>\n<p>Wir freuen uns auf eine neue \u00c4ra und hei\u00dfen sowohl alte als auch neue Kunden herzlich willkommen! <\/p>","protected":false},"featured_media":0,"template":"","meta":{"_acf_changed":false},"tags":[],"class_list":["post-7569","company","type-company","status-publish","hentry","category-all","category-im","category-other","category-salong","category-show-on-map","category-zon-3"],"acf":[],"_links":{"self":[{"href":"https:\/\/malmocity.se\/de\/wp-json\/wp\/v2\/company\/7569","targetHints":{"allow":["GET"]}}],"collection":[{"href":"https:\/\/malmocity.se\/de\/wp-json\/wp\/v2\/company"}],"about":[{"href":"https:\/\/malmocity.se\/de\/wp-json\/wp\/v2\/types\/company"}],"wp:attachment":[{"href":"https:\/\/malmocity.se\/de\/wp-json\/wp\/v2\/media?parent=7569"}],"wp:term":[{"taxonomy":"post_tag","embeddable":true,"href":"https:\/\/malmocity.se\/de\/wp-json\/wp\/v2\/tags?post=7569"}],"curies":[{"name":"wp","href":"https:\/\/api.w.org\/{rel}","templated":true}]}}