{"id":9451,"date":"2026-04-19T00:00:00","date_gmt":"2026-04-19T01:00:00","guid":{"rendered":"https:\/\/malmocity.se\/?post_type=event&#038;p=9451"},"modified":"2026-04-19T00:06:07","modified_gmt":"2026-04-18T23:06:07","slug":"visning-av-malmo-radhus","status":"publish","type":"event","link":"https:\/\/malmocity.se\/de\/event\/visning-av-malmo-radhus\/","title":{"rendered":"Besichtigung des Malm\u00f6er Rathauses"},"content":{"rendered":"<p><strong><strong>F\u00fchrung durch die Repr\u00e4sentationsetagen mit F\u00fchrern der Malm\u00f6er Museen und Besichtigung des Sitzungssaals des Gemeinderats unter Leitung des Pr\u00e4sidiums des Gemeinderats.<\/strong><\/strong><\/p>\n<p>Wir erhalten eine Pr\u00e4sentation \u00fcber die Geschichte des Geb\u00e4udes, sein Inneres und die Aktivit\u00e4ten, die dort im Laufe der Jahrhunderte stattgefunden haben. Im Ratssaal wird uns gezeigt, wie das h\u00f6chste Entscheidungsgremium der Stadt heute funktioniert und arbeitet.<\/p>\n<p><a href=\"https:\/\/www.kulturcentralen.nu\/evenemang\/visning-av-malmo-radhus-6c\" target=\"_blank\" rel=\"noopener\"><strong><strong>Lesen Sie mehr und buchen Sie Tickets hier.<\/strong><\/strong><\/a><\/p>","protected":false},"featured_media":0,"template":"","meta":{"_acf_changed":false},"tags":[],"class_list":["post-9451","event","type-event","status-publish","hentry","channel-77"],"acf":[],"_links":{"self":[{"href":"https:\/\/malmocity.se\/de\/wp-json\/wp\/v2\/event\/9451","targetHints":{"allow":["GET"]}}],"collection":[{"href":"https:\/\/malmocity.se\/de\/wp-json\/wp\/v2\/event"}],"about":[{"href":"https:\/\/malmocity.se\/de\/wp-json\/wp\/v2\/types\/event"}],"wp:attachment":[{"href":"https:\/\/malmocity.se\/de\/wp-json\/wp\/v2\/media?parent=9451"}],"wp:term":[{"taxonomy":"post_tag","embeddable":true,"href":"https:\/\/malmocity.se\/de\/wp-json\/wp\/v2\/tags?post=9451"}],"curies":[{"name":"wp","href":"https:\/\/api.w.org\/{rel}","templated":true}]}}